{"id":136,"date":"2017-10-09T18:01:09","date_gmt":"2017-10-09T16:01:09","guid":{"rendered":"http:\/\/moncoiffeur-saintsylvain.fr\/?page_id=136"},"modified":"2025-01-25T12:18:09","modified_gmt":"2025-01-25T11:18:09","slug":"plan","status":"publish","type":"page","link":"https:\/\/moncoiffeur-par-s.fr\/index.php\/plan\/","title":{"rendered":"Plan Verrieres"},"content":{"rendered":"<p>[et_pb_section fb_built=\u00a0\u00bb1&Prime; _builder_version=\u00a0\u00bb4.16&Prime; global_colors_info=\u00a0\u00bb{}\u00a0\u00bb][et_pb_row column_structure=\u00a0\u00bb1_2,1_2&Prime; _builder_version=\u00a0\u00bb4.16&Prime; background_size=\u00a0\u00bbinitial\u00a0\u00bb background_position=\u00a0\u00bbtop_left\u00a0\u00bb background_repeat=\u00a0\u00bbrepeat\u00a0\u00bb global_colors_info=\u00a0\u00bb{}\u00a0\u00bb][et_pb_column type=\u00a0\u00bb1_2&Prime; _builder_version=\u00a0\u00bb4.16&Prime; custom_padding=\u00a0\u00bb|||\u00a0\u00bb global_colors_info=\u00a0\u00bb{}\u00a0\u00bb custom_padding__hover=\u00a0\u00bb|||\u00a0\u00bb][et_pb_text _builder_version=\u00a0\u00bb4.16&Prime; border_style=\u00a0\u00bbsolid\u00a0\u00bb global_colors_info=\u00a0\u00bb{}\u00a0\u00bb]<\/p>\n<p style=\"text-align: center;\"><strong>MON COIFFEUR PAR S<\/strong><\/p>\n<p style=\"text-align: center;\">Place de la mairie<br \/><strong>VERRIERES EN ANJOU<\/strong><br \/><strong>02 41 76 88 90<\/strong><\/p>\n<p>[\/et_pb_text][et_pb_image src=\u00a0\u00bbhttps:\/\/moncoiffeur-par-s.fr\/wp-content\/uploads\/2025\/01\/VitrineMonCoiffeur.jpeg\u00a0\u00bb _builder_version=\u00a0\u00bb4.27.4&Prime; _module_preset=\u00a0\u00bbdefault\u00a0\u00bb hover_enabled=\u00a0\u00bb0&Prime; sticky_enabled=\u00a0\u00bb0&Prime; alt=\u00a0\u00bbMon Coiffeur par S\u00a0\u00bb title_text=\u00a0\u00bbMon Coiffeur par S\u00a0\u00bb max_height=\u00a0\u00bb250px\u00a0\u00bb module_alignment=\u00a0\u00bbcenter\u00a0\u00bb align=\u00a0\u00bbcenter\u00a0\u00bb][\/et_pb_image][\/et_pb_column][et_pb_column type=\u00a0\u00bb1_2&Prime; _builder_version=\u00a0\u00bb4.16&Prime; custom_padding=\u00a0\u00bb|||\u00a0\u00bb global_colors_info=\u00a0\u00bb{}\u00a0\u00bb custom_padding__hover=\u00a0\u00bb|||\u00a0\u00bb][et_pb_code _builder_version=\u00a0\u00bb4.16&Prime; global_colors_info=\u00a0\u00bb{}\u00a0\u00bb]<div id=\"lmm_30971a80\" style=\"width:640px;\" class=\"mapsmarker markermap marker-2\">\n<div id=\"lmm_panel_30971a80\" class=\"lmm-panel\" style=\"background:#efefef;\">\n<div id=\"lmm_panel_api_30971a80\" class=\"lmm-panel-api\"><a href=\"https:\/\/maps.google.com\/maps?daddr=Saint+Anne+Illinois%2C+%C3%89tats-Unis+d%5C%26%23039%3BAm%C3%A9rique&amp;t=m&amp;layer=1&amp;doflg=ptk&amp;om=0\" target=\"_blank\" title=\"Obtenir l&#039;itin\u00e9raire\"><img loading=\"lazy\" decoding=\"async\" alt=\"icon-car.png\" src=\"https:\/\/moncoiffeur-par-s.fr\/wp-content\/plugins\/leaflet-maps-marker\/inc\/img\/icon-car.png\" width=\"14\" height=\"14\" class=\"lmm-panel-api-images\" \/><\/a><\/div><div id=\"lmm_panel_text_30971a80\" class=\"lmm-panel-text\" style=\"font-weight:bold;color:#373737;\">Mon Coiffeur par S - VERRIERES EN ANJOU<\/div><\/div>\n<div id=\"lmm_map_30971a80\" class=\"lmm-map\" style=\"background:#f6f6f6;border:1px solid #ccc;height:480px; overflow:hidden;padding:0;\"><p style=\"font-size:80%;color:#9f9e9e;margin-left:5px;\">chargement de la carte - veuillez patienter...<noscript><br\/><strong>La carte ne peut \u00eatre charg\u00e9e - s'il vous pla\u00eet activer Javascript !<\/strong><br\/><a style=\"text-decoration:none;\" href=\"https:\/\/www.mapsmarker.com\/js-disabled\" target=\"_blank\">&rarr; plus dginformations<\/a><\/noscript><\/p><\/div>\n<div id=\"lmm_geo_tags_30971a80\" class=\"lmm-geo-tags geo\">\n<span class=\"paneltext\">Mon Coiffeur par S - VERRIERES EN ANJOU<\/span>\n<span class=\"latitude\">47.520065<\/span>, <span class=\"longitude\">-0.471052<\/span>\n<span class=\"popuptext\">MON COIFFEUR PAR S\r\nImpasse Saint Anne (Place de la mairie)\r\nVERRIERES EN ANJOU<\/span>\n<\/div>\n<script type=\"text\/javascript\">\n\/* Maps created with Leaflet Maps Marker - #1 mapping plugin for WordPress (www.mapsmarker.com) *\/\nvar markermap_2 = {};\n(function($) {\nmarkermap_2 = new L.Map(\"lmm_map_30971a80\", { dragging: true, touchZoom: true, scrollWheelZoom: true, doubleClickZoom: true, boxzoom: true, trackResize: true, worldCopyJump: true, closePopupOnClick: true, keyboard: true, keyboardPanOffset: 80, keyboardZoomOffset: 1, inertia: true, inertiaDeceleration: 3000, inertiaMaxSpeed: 1500, zoomControl: true, crs: L.CRS.EPSG3857});\nmarkermap_2.attributionControl.setPrefix(\"<a href=\\\"https:\/\/www.mapsmarker.com\/go\\\" target=\\\"_blank\\\" title=\\\"Leaflet Maps Marker pour WordPress - vous aide \u00e0 partager vos points d\u2019int\u00e9rs et vos chemins pr\u00e9f\u00e9r\u00e9s\\\">MapsMarker.com<\/a> (<a href=\\\"http:\/\/www.leafletjs.com\\\" target=\\\"_blank\\\" title=\\\"Leaflet Maps Marker is based on Leaflet.js maintained by Vladimir Agafonkin\\\">Leaflet<\/a>\/<a href=\\\"https:\/\/mapicons.mapsmarker.com\\\" target=\\\"_blank\\\" title=\\\"Leaflet Maps Marker uses icons from the Maps Icons Collection maintained by Nicolas Mollet\\\">icons<\/a>)\");\nmarkermap_2._layersMaxZoom = 21;\nvar osm_mapnik = new L.TileLayer(\"https:\/\/{s}.tile.openstreetmap.org\/{z}\/{x}\/{y}.png\", {maxZoom: 21, maxNativeZoom: 19, minZoom: 1, errorTileUrl: \"https:\/\/moncoiffeur-par-s.fr\/wp-content\/plugins\/leaflet-maps-marker\/inc\/img\/error-tile-image.png\", attribution: \"Carte: &copy; <a href=\\\"https:\/\/www.openstreetmap.org\/copyright\\\" target=\\\"_blank\\\">OpenStreetMap contributeurs<\/a>&nbsp;(<a href=\\\"https:\/\/www.openstreetmap.org\/edit?editor=id&amp;lat=47.520065&amp;lon=-0.471052&zoom=19\\\" target=\\\"_blank\\\" title=\\\"Aider OpenStreetMap.org \u00e0 am\u00e9liorer les d\u00e9tails de la carte\\\">modifier<\/a>)\", detectRetina: true});\nvar stamen_terrain = new L.TileLayer(\"https:\/\/stamen-tiles-{s}.a.ssl.fastly.net\/terrain\/{z}\/{x}\/{y}.png\", {maxZoom: 21, maxNativeZoom: 18, minZoom: 1, errorTileUrl: \"https:\/\/moncoiffeur-par-s.fr\/wp-content\/plugins\/leaflet-maps-marker\/inc\/img\/error-tile-image.png\", attribution: \"<a target=\\\"_blank\\\" href=\\\"http:\/\/maps.stamen.com\/\\\">Map tiles<\/a>: <a target=\\\"_blank\\\" href=\\\"http:\/\/stamen.com\\\">Stamen Design<\/a>, <a target=\\\"_blank\\\" href=\\\"https:\/\/creativecommons.org\/licenses\/by\/3.0\\\">CC BY 3.0<\/a>, Data &copy <a target=\\\"blank\\\" href=\\\"https:\/\/www.openstreetmap.org\/copyright\\\">OpenStreetMap contributeurs<\/a>&nbsp;(<a href=\\\"https:\/\/www.openstreetmap.org\/edit?editor=id&amp;lat=47.520065&amp;lon=-0.471052&zoom=19\\\" target=\\\"_blank\\\" title=\\\"Aider OpenStreetMap.org \u00e0 am\u00e9liorer les d\u00e9tails de la carte\\\">modifier<\/a>)\", detectRetina: true});\nvar stamen_toner = new L.TileLayer(\"https:\/\/stamen-tiles-{s}.a.ssl.fastly.net\/toner\/{z}\/{x}\/{y}.png\", {maxZoom: 21, maxNativeZoom: 20, minZoom: 1, errorTileUrl: \"https:\/\/moncoiffeur-par-s.fr\/wp-content\/plugins\/leaflet-maps-marker\/inc\/img\/error-tile-image.png\", attribution: \"<a target=\\\"_blank\\\" href=\\\"http:\/\/maps.stamen.com\/\\\">Map tiles<\/a>: <a target=\\\"_blank\\\" href=\\\"http:\/\/stamen.com\\\">Stamen Design<\/a>, <a target=\\\"_blank\\\" href=\\\"https:\/\/creativecommons.org\/licenses\/by\/3.0\\\">CC BY 3.0<\/a>, Data &copy <a target=\\\"blank\\\" href=\\\"https:\/\/www.openstreetmap.org\/copyright\\\">OpenStreetMap contributeurs<\/a>&nbsp;(<a href=\\\"https:\/\/www.openstreetmap.org\/edit?editor=id&amp;lat=47.520065&amp;lon=-0.471052&zoom=19\\\" target=\\\"_blank\\\" title=\\\"Aider OpenStreetMap.org \u00e0 am\u00e9liorer les d\u00e9tails de la carte\\\">modifier<\/a>)\", detectRetina: true});\nvar stamen_watercolor = new L.TileLayer(\"https:\/\/stamen-tiles-{s}.a.ssl.fastly.net\/watercolor\/{z}\/{x}\/{y}.jpg\", {maxZoom: 21, maxNativeZoom: 18, minZoom: 1, errorTileUrl: \"https:\/\/moncoiffeur-par-s.fr\/wp-content\/plugins\/leaflet-maps-marker\/inc\/img\/error-tile-image.png\", attribution: \"<a target=\\\"_blank\\\" href=\\\"http:\/\/maps.stamen.com\/\\\">Map tiles<\/a>: <a target=\\\"_blank\\\" href=\\\"http:\/\/stamen.com\\\">Stamen Design<\/a>, <a target=\\\"_blank\\\" href=\\\"https:\/\/creativecommons.org\/licenses\/by\/3.0\\\">CC BY 3.0<\/a>, Data &copy <a target=\\\"blank\\\" href=\\\"https:\/\/www.openstreetmap.org\/copyright\\\">OpenStreetMap contributeurs<\/a>&nbsp;(<a href=\\\"https:\/\/www.openstreetmap.org\/edit?editor=id&amp;lat=47.520065&amp;lon=-0.471052&zoom=19\\\" target=\\\"_blank\\\" title=\\\"Aider OpenStreetMap.org \u00e0 am\u00e9liorer les d\u00e9tails de la carte\\\">modifier<\/a>)\", detectRetina: true});\nvar ogdwien_basemap = new L.TileLayer(\"https:\/\/{s}.wien.gv.at\/basemap\/geolandbasemap\/normal\/google3857\/{z}\/{y}\/{x}.png\", {maxZoom: 21, maxNativeZoom: 19, minZoom: 1, attribution: \"Carte: <a href=\\\"https:\/\/www.basemap.at\\\" target=\\\"_blank\\\" style=\\\"\\\">basemap.at<\/a>\", subdomains: [\"maps1\", \"maps2\", \"maps3\", \"maps4\"], detectRetina: true});\nvar ogdwien_satellite = new L.TileLayer(\"https:\/\/{s}.wien.gv.at\/basemap\/bmaporthofoto30cm\/normal\/google3857\/{z}\/{y}\/{x}.jpeg\", {maxZoom: 21, maxNativeZoom: 19, minZoom: 1, attribution: \"Carte: <a href=\\\"https:\/\/www.basemap.at\\\" target=\\\"_blank\\\" style=\\\"\\\">basemap.at<\/a>\", subdomains: [\"maps1\", \"maps2\", \"maps3\", \"maps3\"], detectRetina: true});\nvar mapbox = new L.TileLayer(\"https:\/\/{s}.tiles.mapbox.com\/v3\/mapbox.blue-marble-topo-jul\/{z}\/{x}\/{y}.png\", {minZoom: 0, maxZoom: 21, maxNativeZoom: 8, errorTileUrl: \"https:\/\/moncoiffeur-par-s.fr\/wp-content\/plugins\/leaflet-maps-marker\/inc\/img\/error-tile-image.png\", attribution: \"MapBox\/NASA, <a href=\\\"http:\/\/www.mapbox.com\\\">http:\/\/www.mapbox.com<\/a>\", subdomains: [\"a\",\"b\",\"c\",\"d\"], detectRetina: true});\nvar mapbox2 = new L.TileLayer(\"https:\/\/{s}.tiles.mapbox.com\/v3\/mapbox.geography-class\/{z}\/{x}\/{y}.png\", {minZoom: 0, maxZoom: 21, maxNativeZoom: 8, errorTileUrl: \"https:\/\/moncoiffeur-par-s.fr\/wp-content\/plugins\/leaflet-maps-marker\/inc\/img\/error-tile-image.png\", attribution: \"MapBox, <a href=\\\"http:\/\/www.mapbox.com\\\">http:\/\/www.mapbox.com<\/a>\", subdomains: [\"a\",\"b\",\"c\",\"d\"], detectRetina: true});\nvar mapbox3 = new L.TileLayer(\"https:\/\/{s}.tiles.mapbox.com\/v3\/mapbox.natural-earth-1\/{z}\/{x}\/{y}.png\", {minZoom: 0, maxZoom: 21, maxNativeZoom: 6, errorTileUrl: \"https:\/\/moncoiffeur-par-s.fr\/wp-content\/plugins\/leaflet-maps-marker\/inc\/img\/error-tile-image.png\", attribution: \"MapBox, <a href=\\\"http:\/\/www.mapbox.com\\\">http:\/\/www.mapbox.com<\/a>\", subdomains: [\"a\",\"b\",\"c\",\"d\"], detectRetina: true});\nvar custom_basemap = new L.TileLayer(\"http:\/\/korona.geog.uni-heidelberg.de\/tiles\/adminb\/x={x}&y={y}&z={z}\", {maxZoom: 21, maxNativeZoom: 18, minZoom: 4, tms: false, errorTileUrl: \"https:\/\/moncoiffeur-par-s.fr\/wp-content\/plugins\/leaflet-maps-marker\/inc\/img\/error-tile-image.png\", attribution: \"Carte: Map data \u00a9 <a href=\\\"http:\/\/openstreetmap.org\/\\\">OpenStreetMap contributors<\/a>, tiles: <a href=\\\"http:\/\/giscience.uni-hd.de\/\\\">GIScience Research Group @ University of Heidelberg<\/a>, cartography Maxim Rylov\", continuousWorld: false, noWrap: false, detectRetina: true});\nvar custom_basemap2 = new L.TileLayer(\"https:\/\/{s}.tile.opentopomap.org\/{z}\/{x}\/{y}.png\", {maxZoom: 21, maxNativeZoom: 17, minZoom: 1, tms: false, errorTileUrl: \"https:\/\/moncoiffeur-par-s.fr\/wp-content\/plugins\/leaflet-maps-marker\/inc\/img\/error-tile-image.png\", attribution: \"Carte: Map: \u00a9 <a href=\\\"https:\/\/www.openstreetmap.org\/copyright\\\">OpenStreetMap contributors<\/a>, <a href=\\\"http:\/\/viewfinderpanoramas.org\\\">SRTM<\/a> | Map style: <a href=\\\"https:\/\/opentopomap.org\\\">OpenTopoMap<\/a> (<a href=\\\"http:\/\/creativecommons.org\/licenses\/by-sa\/3.0\\\">CC BY SA<\/a>)\", subdomains: [\"a\", \"b\", \"c\"], continuousWorld: false, noWrap: false, detectRetina: true});\nvar custom_basemap3 = new L.TileLayer(\"https:\/\/{s}.tile.openstreetmap.se\/hydda\/full\/{z}\/{x}\/{y}.png\", {maxZoom: 21, maxNativeZoom: 18, minZoom: 1, tms: false, errorTileUrl: \"https:\/\/moncoiffeur-par-s.fr\/wp-content\/plugins\/leaflet-maps-marker\/inc\/img\/error-tile-image.png\", attribution: \"Carte: Tiles courtesy of <a href=\\\"http:\/\/openstreetmap.se\/\\\">OpenStreetMap Sweden<\/a>;, Map: \u00a9 <a href=\\\"https:\/\/www.openstreetmap.org\/copyright\\\">OpenStreetMap contributors<\/a>\", subdomains: [\"a\", \"b\", \"c\"], continuousWorld: false, noWrap: false, detectRetina: true});\nvar empty_basemap = new L.TileLayer(\"\");\nvar overlays_custom = new L.TileLayer(\"http:\/\/tile.lonvia.de\/hiking\/{z}\/{x}\/{y}.png\", {tms: false, errorTileUrl: \"https:\/\/moncoiffeur-par-s.fr\/wp-content\/plugins\/leaflet-maps-marker\/inc\/img\/error-tile-image.png\", attribution: \"Overlay: <a href=\\\"http:\/\/waymarkedtrails.org\/\\\">Lonvias Waymarked Trails<\/a>\", opacity: 1, maxZoom: 21, maxNativeZoom: 18, minZoom: 1, subdomains: [\"a\", \"b\", \"c\"], detectRetina: true});\nvar overlays_custom2 = new L.TileLayer(\"http:\/\/tile.lonvia.de\/cycling\/{z}\/{x}\/{y}.png\", {tms: false, errorTileUrl: \"https:\/\/moncoiffeur-par-s.fr\/wp-content\/plugins\/leaflet-maps-marker\/inc\/img\/error-tile-image.png\", attribution: \"Overlay: <a href=\\\"http:\/\/waymarkedtrails.org\/\\\">Lonvias Waymarked Trails<\/a>\", opacity: 1, maxZoom: 21, maxNativeZoom: 18, minZoom: 1, subdomains: [\"a\", \"b\", \"c\"], detectRetina: true});\nvar overlays_custom3 = new L.TileLayer(\"http:\/\/{s}.tile.openweathermap.org\/map\/rain\/{z}\/{x}\/{y}.png\", {tms: false, errorTileUrl: \"https:\/\/moncoiffeur-par-s.fr\/wp-content\/plugins\/leaflet-maps-marker\/inc\/img\/error-tile-image.png\", attribution: \"Map data: <a href=\\\"http:\/\/openweathermap.org\\\">OpenWeatherMap<\/a>\", opacity: 1, maxZoom: 21, maxNativeZoom: 18, minZoom: 1, subdomains: [\"a\", \"b\", \"c\"], detectRetina: true});\nvar overlays_custom4 = new L.TileLayer(\"http:\/\/{s}.tile.openweathermap.org\/map\/temp\/{z}\/{x}\/{y}.png\", {tms: false, errorTileUrl: \"https:\/\/moncoiffeur-par-s.fr\/wp-content\/plugins\/leaflet-maps-marker\/inc\/img\/error-tile-image.png\", attribution: \"Map data: <a href=\\\"http:\/\/openweathermap.org\\\">OpenWeatherMap<\/a>\", opacity: 1, maxZoom: 21, maxNativeZoom: 18, minZoom: 1, subdomains: [\"a\", \"b\", \"c\"], detectRetina: true});\nvar layersControl_markermap_2 = new L.Control.Layers(\n{'OpenStreetMap': osm_mapnik,'Stamen Terrain': stamen_terrain,'Stamen Toner': stamen_toner,'Stamen Watercolor': stamen_watercolor,'OpenMapSurfer': custom_basemap,'OpenTopoMap': custom_basemap2,'Hydda': custom_basemap3},\n{},\n{ collapsed: true } );\nmarkermap_2.setView(new L.LatLng(47.520065, -0.471052), 19);\nmarkermap_2.addLayer(osm_mapnik).addControl(layersControl_markermap_2);\nvar scale_markermap_2 = L.control.scale({position:'bottomleft', maxWidth: 100, metric: true, imperial: true, updateWhenIdle: false});\nscale_markermap_2.addTo(markermap_2);\nvar marker_markermap_2 = new L.Marker(new L.LatLng(47.520065, -0.471052),{ title: 'Mon Coiffeur par S - VERRIERES EN ANJOU',  opacity: 1});\nmarker_markermap_2.options.icon = new L.Icon({iconUrl: 'https:\/\/moncoiffeur-par-s.fr\/wp-content\/uploads\/leaflet-maps-marker-icons\/blank_red.png',iconSize: [32, 37],iconAnchor: [17, 36],popupAnchor: [-1, -32],shadowUrl: 'https:\/\/moncoiffeur-par-s.fr\/wp-content\/plugins\/leaflet-maps-marker\/leaflet-dist\/images\/marker-shadow.png',shadowSize: [41, 41],shadowAnchor: [16, 43],className: 'lmm_marker_icon_blank_red'});\nmarkermap_2.addLayer(marker_markermap_2);\nmarker_markermap_2.bindPopup(\"<p style='text-align: center'><strong>MON COIFFEUR PAR S<\/strong><br \/>Impasse Saint Anne (Place de la mairie)<br \/><strong>VERRIERES EN ANJOU<\/strong><\/p><div class='popup-directions' style='border-top:1px solid #f0f0e7;padding-top:5px;margin-top:5px;clear:both;'>Saint Anne Illinois, \u00c9tats-Unis d\\&#039;Am\u00e9rique (<a href=http:\/\/maps.google.com\/maps?daddr=Saint+Anne+Illinois%2C+%C3%89tats-Unis+d%5C%26%23039%3BAm%C3%A9rique&t=m&layer=1&doflg=ptk&om=0 target='_blank' title='Obtenir l&#039;itin\u00e9raire'>Itin\u00e9raire<\/a>)<\/div>\", {maxWidth: 300, minWidth: 250, maxHeight: 160, autoPan: true, closeButton: true, autoPanPadding: new L.Point(5, 5)});\n})(jQuery);\njQuery(document).ready( function($) {\r\nfunction resizeMap() {\r\n\tvar map = jQuery('#lmm_30971a80');\r\n\t\tvar map_parent_size = jQuery('#lmm_30971a80').parent().width();\r\n\tif( (map_parent_size >0) && (map_parent_size < 640) ) {\r\n\t\tmap.css({ 'width': '100%'});\n\t\tmarkermap_2.invalidateSize();\r\n\t}\n}\r\nresizeMap();\nif (typeof jQuery().modal == 'function') {\r\n\t\tmarkermap_2.invalidateSize();\r\n\t\tjQuery('a[data-toggle=\"tab\"],.tabbed-area a,.nav-tabs a').on('shown.bs.tab', function (e) {\r\n\t\t\tmarkermap_2.invalidateSize();\r\n\t\t});\r\n\t}\r\n\tif (typeof jQuery.ui != 'undefined') {\r\n\tmarkermap_2.invalidateSize();\r\n\tjQuery('.ui-tabs').on('tabsactivate', function(event, ui) {\r\n\t\tmarkermap_2.invalidateSize();\r\n\t});\r\n}\r\nif (typeof jQuery.mobile != 'undefined') {\r\n\tjQuery(document).bind('pageinit', function( event, data ){\r\n\t\tmarkermap_2.invalidateSize();\r\n\t});\n}\n});\n<\/script>\n<\/div>[\/et_pb_code][\/et_pb_column][\/et_pb_row][\/et_pb_section]<\/p>\n","protected":false},"excerpt":{"rendered":"<p>MON COIFFEUR PAR S Place de la mairieVERRIERES EN ANJOU02 41 76 88 90<div id=\"lmm_ae1f7c6a\" style=\"width:640px;\" class=\"mapsmarker markermap marker-2\">\n<div id=\"lmm_panel_ae1f7c6a\" class=\"lmm-panel\" style=\"background:#efefef;\">\n<div id=\"lmm_panel_api_ae1f7c6a\" class=\"lmm-panel-api\"><a href=\"https:\/\/maps.google.com\/maps?daddr=Saint+Anne+Illinois%2C+%C3%89tats-Unis+d%5C%26%23039%3BAm%C3%A9rique&amp;t=m&amp;layer=1&amp;doflg=ptk&amp;om=0\" target=\"_blank\" title=\"Obtenir l&#039;itin\u00e9raire\"><img loading=\"lazy\" decoding=\"async\" alt=\"icon-car.png\" src=\"https:\/\/moncoiffeur-par-s.fr\/wp-content\/plugins\/leaflet-maps-marker\/inc\/img\/icon-car.png\" width=\"14\" height=\"14\" class=\"lmm-panel-api-images\" \/><\/a><\/div><div id=\"lmm_panel_text_ae1f7c6a\" class=\"lmm-panel-text\" style=\"font-weight:bold;color:#373737;\">Mon Coiffeur par S - VERRIERES EN ANJOU<\/div><\/div>\n<div id=\"lmm_map_ae1f7c6a\" class=\"lmm-map\" style=\"background:#f6f6f6;border:1px solid #ccc;height:480px; overflow:hidden;padding:0;\"><p style=\"font-size:80%;color:#9f9e9e;margin-left:5px;\">chargement de la carte - veuillez patienter...<noscript><br\/><strong>La carte ne peut \u00eatre charg\u00e9e - s'il vous pla\u00eet activer Javascript !<\/strong><br\/><a style=\"text-decoration:none;\" href=\"https:\/\/www.mapsmarker.com\/js-disabled\" target=\"_blank\">&rarr; plus dginformations<\/a><\/noscript><\/p><\/div>\n<div id=\"lmm_geo_tags_ae1f7c6a\" class=\"lmm-geo-tags geo\">\n<span class=\"paneltext\">Mon Coiffeur par S - VERRIERES EN ANJOU<\/span>\n<span class=\"latitude\">47.520065<\/span>, <span class=\"longitude\">-0.471052<\/span>\n<span class=\"popuptext\">MON COIFFEUR PAR S\r\nImpasse Saint Anne (Place de la mairie)\r\nVERRIERES EN ANJOU<\/span>\n<\/div>\n<script type=\"text\/javascript\">\n\/* Maps created with Leaflet Maps Marker - #1 mapping plugin for WordPress (www.mapsmarker.com) *\/\nvar markermap_2 = {};\n(function($) {\nmarkermap_2 = new L.Map(\"lmm_map_ae1f7c6a\", { dragging: true, touchZoom: true, scrollWheelZoom: true, doubleClickZoom: true, boxzoom: true, trackResize: true, worldCopyJump: true, closePopupOnClick: true, keyboard: true, keyboardPanOffset: 80, keyboardZoomOffset: 1, inertia: true, inertiaDeceleration: 3000, inertiaMaxSpeed: 1500, zoomControl: true, crs: L.CRS.EPSG3857});\nmarkermap_2.attributionControl.setPrefix(\"<a href=\\\"https:\/\/www.mapsmarker.com\/go\\\" target=\\\"_blank\\\" title=\\\"Leaflet Maps Marker pour WordPress - vous aide \u00e0 partager vos points d\u2019int\u00e9rs et vos chemins pr\u00e9f\u00e9r\u00e9s\\\">MapsMarker.com<\/a> (<a href=\\\"http:\/\/www.leafletjs.com\\\" target=\\\"_blank\\\" title=\\\"Leaflet Maps Marker is based on Leaflet.js maintained by Vladimir Agafonkin\\\">Leaflet<\/a>\/<a href=\\\"https:\/\/mapicons.mapsmarker.com\\\" target=\\\"_blank\\\" title=\\\"Leaflet Maps Marker uses icons from the Maps Icons Collection maintained by Nicolas Mollet\\\">icons<\/a>)\");\nmarkermap_2._layersMaxZoom = 21;\nvar osm_mapnik = new L.TileLayer(\"https:\/\/{s}.tile.openstreetmap.org\/{z}\/{x}\/{y}.png\", {maxZoom: 21, maxNativeZoom: 19, minZoom: 1, errorTileUrl: \"https:\/\/moncoiffeur-par-s.fr\/wp-content\/plugins\/leaflet-maps-marker\/inc\/img\/error-tile-image.png\", attribution: \"Carte: &copy; <a href=\\\"https:\/\/www.openstreetmap.org\/copyright\\\" target=\\\"_blank\\\">OpenStreetMap contributeurs<\/a>&nbsp;(<a href=\\\"https:\/\/www.openstreetmap.org\/edit?editor=id&amp;lat=47.520065&amp;lon=-0.471052&zoom=19\\\" target=\\\"_blank\\\" title=\\\"Aider OpenStreetMap.org \u00e0 am\u00e9liorer les d\u00e9tails de la carte\\\">modifier<\/a>)\", detectRetina: true});\nvar stamen_terrain = new L.TileLayer(\"https:\/\/stamen-tiles-{s}.a.ssl.fastly.net\/terrain\/{z}\/{x}\/{y}.png\", {maxZoom: 21, maxNativeZoom: 18, minZoom: 1, errorTileUrl: \"https:\/\/moncoiffeur-par-s.fr\/wp-content\/plugins\/leaflet-maps-marker\/inc\/img\/error-tile-image.png\", attribution: \"<a target=\\\"_blank\\\" href=\\\"http:\/\/maps.stamen.com\/\\\">Map tiles<\/a>: <a target=\\\"_blank\\\" href=\\\"http:\/\/stamen.com\\\">Stamen Design<\/a>, <a target=\\\"_blank\\\" href=\\\"https:\/\/creativecommons.org\/licenses\/by\/3.0\\\">CC BY 3.0<\/a>, Data &copy <a target=\\\"blank\\\" href=\\\"https:\/\/www.openstreetmap.org\/copyright\\\">OpenStreetMap contributeurs<\/a>&nbsp;(<a href=\\\"https:\/\/www.openstreetmap.org\/edit?editor=id&amp;lat=47.520065&amp;lon=-0.471052&zoom=19\\\" target=\\\"_blank\\\" title=\\\"Aider OpenStreetMap.org \u00e0 am\u00e9liorer les d\u00e9tails de la carte\\\">modifier<\/a>)\", detectRetina: true});\nvar stamen_toner = new L.TileLayer(\"https:\/\/stamen-tiles-{s}.a.ssl.fastly.net\/toner\/{z}\/{x}\/{y}.png\", {maxZoom: 21, maxNativeZoom: 20, minZoom: 1, errorTileUrl: \"https:\/\/moncoiffeur-par-s.fr\/wp-content\/plugins\/leaflet-maps-marker\/inc\/img\/error-tile-image.png\", attribution: \"<a target=\\\"_blank\\\" href=\\\"http:\/\/maps.stamen.com\/\\\">Map tiles<\/a>: <a target=\\\"_blank\\\" href=\\\"http:\/\/stamen.com\\\">Stamen Design<\/a>, <a target=\\\"_blank\\\" href=\\\"https:\/\/creativecommons.org\/licenses\/by\/3.0\\\">CC BY 3.0<\/a>, Data &copy <a target=\\\"blank\\\" href=\\\"https:\/\/www.openstreetmap.org\/copyright\\\">OpenStreetMap contributeurs<\/a>&nbsp;(<a href=\\\"https:\/\/www.openstreetmap.org\/edit?editor=id&amp;lat=47.520065&amp;lon=-0.471052&zoom=19\\\" target=\\\"_blank\\\" title=\\\"Aider OpenStreetMap.org \u00e0 am\u00e9liorer les d\u00e9tails de la carte\\\">modifier<\/a>)\", detectRetina: true});\nvar stamen_watercolor = new L.TileLayer(\"https:\/\/stamen-tiles-{s}.a.ssl.fastly.net\/watercolor\/{z}\/{x}\/{y}.jpg\", {maxZoom: 21, maxNativeZoom: 18, minZoom: 1, errorTileUrl: \"https:\/\/moncoiffeur-par-s.fr\/wp-content\/plugins\/leaflet-maps-marker\/inc\/img\/error-tile-image.png\", attribution: \"<a target=\\\"_blank\\\" href=\\\"http:\/\/maps.stamen.com\/\\\">Map tiles<\/a>: <a target=\\\"_blank\\\" href=\\\"http:\/\/stamen.com\\\">Stamen Design<\/a>, <a target=\\\"_blank\\\" href=\\\"https:\/\/creativecommons.org\/licenses\/by\/3.0\\\">CC BY 3.0<\/a>, Data &copy <a target=\\\"blank\\\" href=\\\"https:\/\/www.openstreetmap.org\/copyright\\\">OpenStreetMap contributeurs<\/a>&nbsp;(<a href=\\\"https:\/\/www.openstreetmap.org\/edit?editor=id&amp;lat=47.520065&amp;lon=-0.471052&zoom=19\\\" target=\\\"_blank\\\" title=\\\"Aider OpenStreetMap.org \u00e0 am\u00e9liorer les d\u00e9tails de la carte\\\">modifier<\/a>)\", detectRetina: true});\nvar ogdwien_basemap = new L.TileLayer(\"https:\/\/{s}.wien.gv.at\/basemap\/geolandbasemap\/normal\/google3857\/{z}\/{y}\/{x}.png\", {maxZoom: 21, maxNativeZoom: 19, minZoom: 1, attribution: \"Carte: <a href=\\\"https:\/\/www.basemap.at\\\" target=\\\"_blank\\\" style=\\\"\\\">basemap.at<\/a>\", subdomains: [\"maps1\", \"maps2\", \"maps3\", \"maps4\"], detectRetina: true});\nvar ogdwien_satellite = new L.TileLayer(\"https:\/\/{s}.wien.gv.at\/basemap\/bmaporthofoto30cm\/normal\/google3857\/{z}\/{y}\/{x}.jpeg\", {maxZoom: 21, maxNativeZoom: 19, minZoom: 1, attribution: \"Carte: <a href=\\\"https:\/\/www.basemap.at\\\" target=\\\"_blank\\\" style=\\\"\\\">basemap.at<\/a>\", subdomains: [\"maps1\", \"maps2\", \"maps3\", \"maps3\"], detectRetina: true});\nvar mapbox = new L.TileLayer(\"https:\/\/{s}.tiles.mapbox.com\/v3\/mapbox.blue-marble-topo-jul\/{z}\/{x}\/{y}.png\", {minZoom: 0, maxZoom: 21, maxNativeZoom: 8, errorTileUrl: \"https:\/\/moncoiffeur-par-s.fr\/wp-content\/plugins\/leaflet-maps-marker\/inc\/img\/error-tile-image.png\", attribution: \"MapBox\/NASA, <a href=\\\"http:\/\/www.mapbox.com\\\">http:\/\/www.mapbox.com<\/a>\", subdomains: [\"a\",\"b\",\"c\",\"d\"], detectRetina: true});\nvar mapbox2 = new L.TileLayer(\"https:\/\/{s}.tiles.mapbox.com\/v3\/mapbox.geography-class\/{z}\/{x}\/{y}.png\", {minZoom: 0, maxZoom: 21, maxNativeZoom: 8, errorTileUrl: \"https:\/\/moncoiffeur-par-s.fr\/wp-content\/plugins\/leaflet-maps-marker\/inc\/img\/error-tile-image.png\", attribution: \"MapBox, <a href=\\\"http:\/\/www.mapbox.com\\\">http:\/\/www.mapbox.com<\/a>\", subdomains: [\"a\",\"b\",\"c\",\"d\"], detectRetina: true});\nvar mapbox3 = new L.TileLayer(\"https:\/\/{s}.tiles.mapbox.com\/v3\/mapbox.natural-earth-1\/{z}\/{x}\/{y}.png\", {minZoom: 0, maxZoom: 21, maxNativeZoom: 6, errorTileUrl: \"https:\/\/moncoiffeur-par-s.fr\/wp-content\/plugins\/leaflet-maps-marker\/inc\/img\/error-tile-image.png\", attribution: \"MapBox, <a href=\\\"http:\/\/www.mapbox.com\\\">http:\/\/www.mapbox.com<\/a>\", subdomains: [\"a\",\"b\",\"c\",\"d\"], detectRetina: true});\nvar custom_basemap = new L.TileLayer(\"http:\/\/korona.geog.uni-heidelberg.de\/tiles\/adminb\/x={x}&y={y}&z={z}\", {maxZoom: 21, maxNativeZoom: 18, minZoom: 4, tms: false, errorTileUrl: \"https:\/\/moncoiffeur-par-s.fr\/wp-content\/plugins\/leaflet-maps-marker\/inc\/img\/error-tile-image.png\", attribution: \"Carte: Map data \u00a9 <a href=\\\"http:\/\/openstreetmap.org\/\\\">OpenStreetMap contributors<\/a>, tiles: <a href=\\\"http:\/\/giscience.uni-hd.de\/\\\">GIScience Research Group @ University of Heidelberg<\/a>, cartography Maxim Rylov\", continuousWorld: false, noWrap: false, detectRetina: true});\nvar custom_basemap2 = new L.TileLayer(\"https:\/\/{s}.tile.opentopomap.org\/{z}\/{x}\/{y}.png\", {maxZoom: 21, maxNativeZoom: 17, minZoom: 1, tms: false, errorTileUrl: \"https:\/\/moncoiffeur-par-s.fr\/wp-content\/plugins\/leaflet-maps-marker\/inc\/img\/error-tile-image.png\", attribution: \"Carte: Map: \u00a9 <a href=\\\"https:\/\/www.openstreetmap.org\/copyright\\\">OpenStreetMap contributors<\/a>, <a href=\\\"http:\/\/viewfinderpanoramas.org\\\">SRTM<\/a> | Map style: <a href=\\\"https:\/\/opentopomap.org\\\">OpenTopoMap<\/a> (<a href=\\\"http:\/\/creativecommons.org\/licenses\/by-sa\/3.0\\\">CC BY SA<\/a>)\", subdomains: [\"a\", \"b\", \"c\"], continuousWorld: false, noWrap: false, detectRetina: true});\nvar custom_basemap3 = new L.TileLayer(\"https:\/\/{s}.tile.openstreetmap.se\/hydda\/full\/{z}\/{x}\/{y}.png\", {maxZoom: 21, maxNativeZoom: 18, minZoom: 1, tms: false, errorTileUrl: \"https:\/\/moncoiffeur-par-s.fr\/wp-content\/plugins\/leaflet-maps-marker\/inc\/img\/error-tile-image.png\", attribution: \"Carte: Tiles courtesy of <a href=\\\"http:\/\/openstreetmap.se\/\\\">OpenStreetMap Sweden<\/a>;, Map: \u00a9 <a href=\\\"https:\/\/www.openstreetmap.org\/copyright\\\">OpenStreetMap contributors<\/a>\", subdomains: [\"a\", \"b\", \"c\"], continuousWorld: false, noWrap: false, detectRetina: true});\nvar empty_basemap = new L.TileLayer(\"\");\nvar overlays_custom = new L.TileLayer(\"http:\/\/tile.lonvia.de\/hiking\/{z}\/{x}\/{y}.png\", {tms: false, errorTileUrl: \"https:\/\/moncoiffeur-par-s.fr\/wp-content\/plugins\/leaflet-maps-marker\/inc\/img\/error-tile-image.png\", attribution: \"Overlay: <a href=\\\"http:\/\/waymarkedtrails.org\/\\\">Lonvias Waymarked Trails<\/a>\", opacity: 1, maxZoom: 21, maxNativeZoom: 18, minZoom: 1, subdomains: [\"a\", \"b\", \"c\"], detectRetina: true});\nvar overlays_custom2 = new L.TileLayer(\"http:\/\/tile.lonvia.de\/cycling\/{z}\/{x}\/{y}.png\", {tms: false, errorTileUrl: \"https:\/\/moncoiffeur-par-s.fr\/wp-content\/plugins\/leaflet-maps-marker\/inc\/img\/error-tile-image.png\", attribution: \"Overlay: <a href=\\\"http:\/\/waymarkedtrails.org\/\\\">Lonvias Waymarked Trails<\/a>\", opacity: 1, maxZoom: 21, maxNativeZoom: 18, minZoom: 1, subdomains: [\"a\", \"b\", \"c\"], detectRetina: true});\nvar overlays_custom3 = new L.TileLayer(\"http:\/\/{s}.tile.openweathermap.org\/map\/rain\/{z}\/{x}\/{y}.png\", {tms: false, errorTileUrl: \"https:\/\/moncoiffeur-par-s.fr\/wp-content\/plugins\/leaflet-maps-marker\/inc\/img\/error-tile-image.png\", attribution: \"Map data: <a href=\\\"http:\/\/openweathermap.org\\\">OpenWeatherMap<\/a>\", opacity: 1, maxZoom: 21, maxNativeZoom: 18, minZoom: 1, subdomains: [\"a\", \"b\", \"c\"], detectRetina: true});\nvar overlays_custom4 = new L.TileLayer(\"http:\/\/{s}.tile.openweathermap.org\/map\/temp\/{z}\/{x}\/{y}.png\", {tms: false, errorTileUrl: \"https:\/\/moncoiffeur-par-s.fr\/wp-content\/plugins\/leaflet-maps-marker\/inc\/img\/error-tile-image.png\", attribution: \"Map data: <a href=\\\"http:\/\/openweathermap.org\\\">OpenWeatherMap<\/a>\", opacity: 1, maxZoom: 21, maxNativeZoom: 18, minZoom: 1, subdomains: [\"a\", \"b\", \"c\"], detectRetina: true});\nvar layersControl_markermap_2 = new L.Control.Layers(\n{'OpenStreetMap': osm_mapnik,'Stamen Terrain': stamen_terrain,'Stamen Toner': stamen_toner,'Stamen Watercolor': stamen_watercolor,'OpenMapSurfer': custom_basemap,'OpenTopoMap': custom_basemap2,'Hydda': custom_basemap3},\n{},\n{ collapsed: true } );\nmarkermap_2.setView(new L.LatLng(47.520065, -0.471052), 19);\nmarkermap_2.addLayer(osm_mapnik).addControl(layersControl_markermap_2);\nvar scale_markermap_2 = L.control.scale({position:'bottomleft', maxWidth: 100, metric: true, imperial: true, updateWhenIdle: false});\nscale_markermap_2.addTo(markermap_2);\nvar marker_markermap_2 = new L.Marker(new L.LatLng(47.520065, -0.471052),{ title: 'Mon Coiffeur par S - VERRIERES EN ANJOU',  opacity: 1});\nmarker_markermap_2.options.icon = new L.Icon({iconUrl: 'https:\/\/moncoiffeur-par-s.fr\/wp-content\/uploads\/leaflet-maps-marker-icons\/blank_red.png',iconSize: [32, 37],iconAnchor: [17, 36],popupAnchor: [-1, -32],shadowUrl: 'https:\/\/moncoiffeur-par-s.fr\/wp-content\/plugins\/leaflet-maps-marker\/leaflet-dist\/images\/marker-shadow.png',shadowSize: [41, 41],shadowAnchor: [16, 43],className: 'lmm_marker_icon_blank_red'});\nmarkermap_2.addLayer(marker_markermap_2);\nmarker_markermap_2.bindPopup(\"<p style='text-align: center'><strong>MON COIFFEUR PAR S<\/strong><br \/>Impasse Saint Anne (Place de la mairie)<br \/><strong>VERRIERES EN ANJOU<\/strong><\/p><div class='popup-directions' style='border-top:1px solid #f0f0e7;padding-top:5px;margin-top:5px;clear:both;'>Saint Anne Illinois, \u00c9tats-Unis d\\&#039;Am\u00e9rique (<a href=http:\/\/maps.google.com\/maps?daddr=Saint+Anne+Illinois%2C+%C3%89tats-Unis+d%5C%26%23039%3BAm%C3%A9rique&t=m&layer=1&doflg=ptk&om=0 target='_blank' title='Obtenir l&#039;itin\u00e9raire'>Itin\u00e9raire<\/a>)<\/div>\", {maxWidth: 300, minWidth: 250, maxHeight: 160, autoPan: true, closeButton: true, autoPanPadding: new L.Point(5, 5)});\n})(jQuery);\njQuery(document).ready( function($) {\r\nfunction resizeMap() {\r\n\tvar map = jQuery('#lmm_ae1f7c6a');\r\n\t\tvar map_parent_size = jQuery('#lmm_ae1f7c6a').parent().width();\r\n\tif( (map_parent_size >0) && (map_parent_size < 640) ) {\r\n\t\tmap.css({ 'width': '100%'});\n\t\tmarkermap_2.invalidateSize();\r\n\t}\n}\r\nresizeMap();\nif (typeof jQuery().modal == 'function') {\r\n\t\tmarkermap_2.invalidateSize();\r\n\t\tjQuery('a[data-toggle=\"tab\"],.tabbed-area a,.nav-tabs a').on('shown.bs.tab', function (e) {\r\n\t\t\tmarkermap_2.invalidateSize();\r\n\t\t});\r\n\t}\r\n\tif (typeof jQuery.ui != 'undefined') {\r\n\tmarkermap_2.invalidateSize();\r\n\tjQuery('.ui-tabs').on('tabsactivate', function(event, ui) {\r\n\t\tmarkermap_2.invalidateSize();\r\n\t});\r\n}\r\nif (typeof jQuery.mobile != 'undefined') {\r\n\tjQuery(document).bind('pageinit', function( event, data ){\r\n\t\tmarkermap_2.invalidateSize();\r\n\t});\n}\n});\n<\/script>\n<\/div><\/p>\n","protected":false},"author":1,"featured_media":0,"parent":0,"menu_order":0,"comment_status":"closed","ping_status":"closed","template":"","meta":{"_et_pb_use_builder":"on","_et_pb_old_content":"<p>[et_pb_section bb_built=\"1\"][et_pb_row][et_pb_column type=\"4_4\"][et_pb_map _builder_version=\"3.0.78\" address=\"Angers\" mouse_wheel=\"on\" mobile_dragging=\"on\" use_grayscale_filter=\"off\" grayscale_filter_amount=\"0\" \/][\/et_pb_column][\/et_pb_row][\/et_pb_section]<\/p>","_et_gb_content_width":"","_monsterinsights_skip_tracking":false,"_monsterinsights_sitenote_active":false,"_monsterinsights_sitenote_note":"","_monsterinsights_sitenote_category":0,"footnotes":""},"class_list":["post-136","page","type-page","status-publish","hentry"],"yoast_head":"<!-- This site is optimized with the Yoast SEO plugin v27.5 - https:\/\/yoast.com\/product\/yoast-seo-wordpress\/ -->\n<title>Plan Verrieres - Mon Coiffeur par S<\/title>\n<meta name=\"robots\" content=\"index, follow, max-snippet:-1, max-image-preview:large, max-video-preview:-1\" \/>\n<link rel=\"canonical\" href=\"https:\/\/moncoiffeur-par-s.fr\/index.php\/plan\/\" \/>\n<meta property=\"og:locale\" content=\"fr_FR\" \/>\n<meta property=\"og:type\" content=\"article\" \/>\n<meta property=\"og:title\" content=\"Plan Verrieres - Mon Coiffeur par S\" \/>\n<meta property=\"og:description\" content=\"MON COIFFEUR PAR S Place de la mairieVERRIERES EN ANJOU02 41 76 88 90\" \/>\n<meta property=\"og:url\" content=\"https:\/\/moncoiffeur-par-s.fr\/index.php\/plan\/\" \/>\n<meta property=\"og:site_name\" content=\"Mon Coiffeur par S\" \/>\n<meta property=\"article:publisher\" content=\"https:\/\/www.facebook.com\/moncoiffeursaintsylvain\/\" \/>\n<meta property=\"article:modified_time\" content=\"2025-01-25T11:18:09+00:00\" \/>\n<meta property=\"og:image\" content=\"https:\/\/moncoiffeur-par-s.fr\/wp-content\/uploads\/2017\/11\/Logo-moncoiffeur-ss.png\" \/>\n\t<meta property=\"og:image:width\" content=\"302\" \/>\n\t<meta property=\"og:image:height\" content=\"60\" \/>\n\t<meta property=\"og:image:type\" content=\"image\/png\" \/>\n<meta name=\"twitter:card\" content=\"summary_large_image\" \/>\n<meta name=\"twitter:label1\" content=\"Dur\u00e9e de lecture estim\u00e9e\" \/>\n\t<meta name=\"twitter:data1\" content=\"1 minute\" \/>\n<script type=\"application\/ld+json\" class=\"yoast-schema-graph\">{\"@context\":\"https:\\\/\\\/schema.org\",\"@graph\":[{\"@type\":\"WebPage\",\"@id\":\"https:\\\/\\\/moncoiffeur-par-s.fr\\\/index.php\\\/plan\\\/\",\"url\":\"https:\\\/\\\/moncoiffeur-par-s.fr\\\/index.php\\\/plan\\\/\",\"name\":\"Plan Verrieres - Mon Coiffeur par S\",\"isPartOf\":{\"@id\":\"https:\\\/\\\/moncoiffeur-par-s.fr\\\/#website\"},\"datePublished\":\"2017-10-09T16:01:09+00:00\",\"dateModified\":\"2025-01-25T11:18:09+00:00\",\"breadcrumb\":{\"@id\":\"https:\\\/\\\/moncoiffeur-par-s.fr\\\/index.php\\\/plan\\\/#breadcrumb\"},\"inLanguage\":\"fr-FR\",\"potentialAction\":[{\"@type\":\"ReadAction\",\"target\":[\"https:\\\/\\\/moncoiffeur-par-s.fr\\\/index.php\\\/plan\\\/\"]}]},{\"@type\":\"BreadcrumbList\",\"@id\":\"https:\\\/\\\/moncoiffeur-par-s.fr\\\/index.php\\\/plan\\\/#breadcrumb\",\"itemListElement\":[{\"@type\":\"ListItem\",\"position\":1,\"name\":\"Accueil\",\"item\":\"https:\\\/\\\/moncoiffeur-par-s.fr\\\/\"},{\"@type\":\"ListItem\",\"position\":2,\"name\":\"Plan Verrieres\"}]},{\"@type\":\"WebSite\",\"@id\":\"https:\\\/\\\/moncoiffeur-par-s.fr\\\/#website\",\"url\":\"https:\\\/\\\/moncoiffeur-par-s.fr\\\/\",\"name\":\"Mon Coiffeur - Saint Sylvain D&#039;Anjou\",\"description\":\"Artisan Coiffeur Barbier\",\"publisher\":{\"@id\":\"https:\\\/\\\/moncoiffeur-par-s.fr\\\/#organization\"},\"potentialAction\":[{\"@type\":\"SearchAction\",\"target\":{\"@type\":\"EntryPoint\",\"urlTemplate\":\"https:\\\/\\\/moncoiffeur-par-s.fr\\\/?s={search_term_string}\"},\"query-input\":{\"@type\":\"PropertyValueSpecification\",\"valueRequired\":true,\"valueName\":\"search_term_string\"}}],\"inLanguage\":\"fr-FR\"},{\"@type\":\"Organization\",\"@id\":\"https:\\\/\\\/moncoiffeur-par-s.fr\\\/#organization\",\"name\":\"Mon coiffeur - Saint Sylvain d'Anjou\",\"url\":\"https:\\\/\\\/moncoiffeur-par-s.fr\\\/\",\"logo\":{\"@type\":\"ImageObject\",\"inLanguage\":\"fr-FR\",\"@id\":\"https:\\\/\\\/moncoiffeur-par-s.fr\\\/#\\\/schema\\\/logo\\\/image\\\/\",\"url\":\"https:\\\/\\\/moncoiffeur-par-s.fr\\\/wp-content\\\/uploads\\\/2017\\\/11\\\/Logo-moncoiffeur-ss.png\",\"contentUrl\":\"https:\\\/\\\/moncoiffeur-par-s.fr\\\/wp-content\\\/uploads\\\/2017\\\/11\\\/Logo-moncoiffeur-ss.png\",\"width\":302,\"height\":60,\"caption\":\"Mon coiffeur - Saint Sylvain d'Anjou\"},\"image\":{\"@id\":\"https:\\\/\\\/moncoiffeur-par-s.fr\\\/#\\\/schema\\\/logo\\\/image\\\/\"},\"sameAs\":[\"https:\\\/\\\/www.facebook.com\\\/moncoiffeursaintsylvain\\\/\"]}]}<\/script>\n<!-- \/ Yoast SEO plugin. -->","yoast_head_json":{"title":"Plan Verrieres - Mon Coiffeur par S","robots":{"index":"index","follow":"follow","max-snippet":"max-snippet:-1","max-image-preview":"max-image-preview:large","max-video-preview":"max-video-preview:-1"},"canonical":"https:\/\/moncoiffeur-par-s.fr\/index.php\/plan\/","og_locale":"fr_FR","og_type":"article","og_title":"Plan Verrieres - Mon Coiffeur par S","og_description":"MON COIFFEUR PAR S Place de la mairieVERRIERES EN ANJOU02 41 76 88 90","og_url":"https:\/\/moncoiffeur-par-s.fr\/index.php\/plan\/","og_site_name":"Mon Coiffeur par S","article_publisher":"https:\/\/www.facebook.com\/moncoiffeursaintsylvain\/","article_modified_time":"2025-01-25T11:18:09+00:00","og_image":[{"width":302,"height":60,"url":"https:\/\/moncoiffeur-par-s.fr\/wp-content\/uploads\/2017\/11\/Logo-moncoiffeur-ss.png","type":"image\/png"}],"twitter_card":"summary_large_image","twitter_misc":{"Dur\u00e9e de lecture estim\u00e9e":"1 minute"},"schema":{"@context":"https:\/\/schema.org","@graph":[{"@type":"WebPage","@id":"https:\/\/moncoiffeur-par-s.fr\/index.php\/plan\/","url":"https:\/\/moncoiffeur-par-s.fr\/index.php\/plan\/","name":"Plan Verrieres - Mon Coiffeur par S","isPartOf":{"@id":"https:\/\/moncoiffeur-par-s.fr\/#website"},"datePublished":"2017-10-09T16:01:09+00:00","dateModified":"2025-01-25T11:18:09+00:00","breadcrumb":{"@id":"https:\/\/moncoiffeur-par-s.fr\/index.php\/plan\/#breadcrumb"},"inLanguage":"fr-FR","potentialAction":[{"@type":"ReadAction","target":["https:\/\/moncoiffeur-par-s.fr\/index.php\/plan\/"]}]},{"@type":"BreadcrumbList","@id":"https:\/\/moncoiffeur-par-s.fr\/index.php\/plan\/#breadcrumb","itemListElement":[{"@type":"ListItem","position":1,"name":"Accueil","item":"https:\/\/moncoiffeur-par-s.fr\/"},{"@type":"ListItem","position":2,"name":"Plan Verrieres"}]},{"@type":"WebSite","@id":"https:\/\/moncoiffeur-par-s.fr\/#website","url":"https:\/\/moncoiffeur-par-s.fr\/","name":"Mon Coiffeur - Saint Sylvain D&#039;Anjou","description":"Artisan Coiffeur Barbier","publisher":{"@id":"https:\/\/moncoiffeur-par-s.fr\/#organization"},"potentialAction":[{"@type":"SearchAction","target":{"@type":"EntryPoint","urlTemplate":"https:\/\/moncoiffeur-par-s.fr\/?s={search_term_string}"},"query-input":{"@type":"PropertyValueSpecification","valueRequired":true,"valueName":"search_term_string"}}],"inLanguage":"fr-FR"},{"@type":"Organization","@id":"https:\/\/moncoiffeur-par-s.fr\/#organization","name":"Mon coiffeur - Saint Sylvain d'Anjou","url":"https:\/\/moncoiffeur-par-s.fr\/","logo":{"@type":"ImageObject","inLanguage":"fr-FR","@id":"https:\/\/moncoiffeur-par-s.fr\/#\/schema\/logo\/image\/","url":"https:\/\/moncoiffeur-par-s.fr\/wp-content\/uploads\/2017\/11\/Logo-moncoiffeur-ss.png","contentUrl":"https:\/\/moncoiffeur-par-s.fr\/wp-content\/uploads\/2017\/11\/Logo-moncoiffeur-ss.png","width":302,"height":60,"caption":"Mon coiffeur - Saint Sylvain d'Anjou"},"image":{"@id":"https:\/\/moncoiffeur-par-s.fr\/#\/schema\/logo\/image\/"},"sameAs":["https:\/\/www.facebook.com\/moncoiffeursaintsylvain\/"]}]}},"jetpack_sharing_enabled":true,"_links":{"self":[{"href":"https:\/\/moncoiffeur-par-s.fr\/index.php\/wp-json\/wp\/v2\/pages\/136","targetHints":{"allow":["GET"]}}],"collection":[{"href":"https:\/\/moncoiffeur-par-s.fr\/index.php\/wp-json\/wp\/v2\/pages"}],"about":[{"href":"https:\/\/moncoiffeur-par-s.fr\/index.php\/wp-json\/wp\/v2\/types\/page"}],"author":[{"embeddable":true,"href":"https:\/\/moncoiffeur-par-s.fr\/index.php\/wp-json\/wp\/v2\/users\/1"}],"replies":[{"embeddable":true,"href":"https:\/\/moncoiffeur-par-s.fr\/index.php\/wp-json\/wp\/v2\/comments?post=136"}],"version-history":[{"count":0,"href":"https:\/\/moncoiffeur-par-s.fr\/index.php\/wp-json\/wp\/v2\/pages\/136\/revisions"}],"wp:attachment":[{"href":"https:\/\/moncoiffeur-par-s.fr\/index.php\/wp-json\/wp\/v2\/media?parent=136"}],"curies":[{"name":"wp","href":"https:\/\/api.w.org\/{rel}","templated":true}]}}